{"id":9430,"date":"2014-02-07T09:59:22","date_gmt":"2014-02-07T09:59:22","guid":{"rendered":"http:\/\/kilians.wpengine.com\/?page_id=9430"},"modified":"2016-02-04T10:24:30","modified_gmt":"2016-02-04T10:24:30","slug":"uber-uns","status":"publish","type":"page","link":"https:\/\/www.kilians.com\/de\/projekt-gruene-schule\/uber-uns\/","title":{"rendered":"\u00dcber uns"},"content":{"rendered":"<p style=\"text-align: left;\" align=\"center\"><b>Projekt <i>Gr\u00fcne Schule<\/i> auf dem Eurocampus in Dublin<\/b><\/p>\n<table border=\"0\">\n<tbody>\n<tr>\n<td><a href=\"http:\/\/kilians.wpengine.com\/wp-content\/uploads\/2012\/01\/Kils-Logo.jpg\"><img loading=\"lazy\" decoding=\"async\" class=\"aligncenter wp-image-820\" src=\"http:\/\/kilians.wpengine.com\/wp-content\/uploads\/2012\/01\/Kils-Logo.jpg\" alt=\"Kils Logo\" width=\"102\" height=\"104\" \/><\/a><\/td>\n<td><a href=\"http:\/\/kilians.wpengine.com\/wp-content\/uploads\/2014\/02\/lfi1.jpg\"><img loading=\"lazy\" decoding=\"async\" class=\"aligncenter wp-image-9458\" src=\"http:\/\/kilians.wpengine.com\/wp-content\/uploads\/2014\/02\/lfi1.jpg\" alt=\"LFI\" width=\"168\" height=\"81\" srcset=\"https:\/\/www.kilians.com\/wp-content\/uploads\/2014\/02\/lfi1.jpg 762w, https:\/\/www.kilians.com\/wp-content\/uploads\/2014\/02\/lfi1-750x364.jpg 750w\" sizes=\"auto, (max-width: 168px) 100vw, 168px\" \/><\/a><\/td>\n<td>\n<p><div id=\"attachment_9449\" style=\"width: 114px\" class=\"wp-caption aligncenter\"><a href=\"http:\/\/kilians.wpengine.com\/wp-content\/uploads\/2014\/01\/GSlogo.jpg\"><img loading=\"lazy\" decoding=\"async\" aria-describedby=\"caption-attachment-9449\" class=\" wp-image-9449\" src=\"http:\/\/kilians.wpengine.com\/wp-content\/uploads\/2014\/01\/GSlogo.jpg\" alt=\"Projekt Gruene Schule\" width=\"104\" height=\"107\" srcset=\"https:\/\/www.kilians.com\/wp-content\/uploads\/2014\/01\/GSlogo.jpg 2032w, https:\/\/www.kilians.com\/wp-content\/uploads\/2014\/01\/GSlogo-768x793.jpg 768w, https:\/\/www.kilians.com\/wp-content\/uploads\/2014\/01\/GSlogo-992x1024.jpg 992w\" sizes=\"auto, (max-width: 104px) 100vw, 104px\" \/><\/a><p id=\"caption-attachment-9449\" class=\"wp-caption-text\">Gr\u00fcne Schule<\/p><\/div><\/td>\n<td><a href=\"http:\/\/kilians.wpengine.com\/wp-content\/uploads\/2012\/02\/Green-School.jpg\"><img loading=\"lazy\" decoding=\"async\" class=\"aligncenter size-full wp-image-1281\" src=\"http:\/\/kilians.wpengine.com\/wp-content\/uploads\/2012\/02\/Green-School.jpg\" alt=\"Green School Logo\" width=\"99\" height=\"125\" \/><\/a><\/td>\n<td><a href=\"http:\/\/kilians.wpengine.com\/wp-content\/uploads\/2014\/02\/DAS_I_A3_cmyk.jpg\"><img loading=\"lazy\" decoding=\"async\" class=\"aligncenter wp-image-9459\" src=\"http:\/\/kilians.wpengine.com\/wp-content\/uploads\/2014\/02\/DAS_I_A3_cmyk.jpg\" alt=\"Deutsche Auslandsschulen\" width=\"144\" height=\"67\" \/><\/a><\/td>\n<\/tr>\n<\/tbody>\n<\/table>\n<p>&nbsp;<\/p>\n<p>I<b>. Entstehung des Projekts und erste Erfolge<\/b><\/p>\n<p>Die Initiative ging im Jahr 2010 von der Kommune D\u00fan Laoghaire aus, einem kleinen Vorort s\u00fcdlich von Dublin: Irische Schulen sollten gr\u00fcner und umweltfreundlicher werden, d.h. junge Menschen sollten ein nachhaltiges Bewusstsein zum Schutz der Umwelt entwickeln. Begleitet wird das Projekt vom irischen Amt f\u00fcr Denkmalpflege, dem <i>An Taisce, <\/i>auch der\/die Umweltbeauftragte ist in das Projekt eingebunden. &#8211; Als Belohnung daf\u00fcr, dass eine wichtige Etappe auf dem Weg zum Schutz der Umwelt bew\u00e4ltigt wurde, werden erfolgreichen Schulen f\u00fcr beispielhaftes Umweltengagement\u00a0<b><i>Gr\u00fcne Flaggen<\/i><\/b>\u00a0verliehen, und zwar f\u00fcr folgende Umweltbereiche:<\/p>\n<ol>\n<li>Flagge: M\u00fcll und Wiederverwertung (erreicht 2011)<\/li>\n<li>Flagge: Energiesparen (erreicht 2013)<\/li>\n<li>Flagge: Wasser (erreicht 2015)<\/li>\n<li>Flagge: Verkehr und Transport (derzeit in Arbeit)<\/li>\n<li>Flagge: Biodiversit\u00e4t<\/li>\n<\/ol>\n<p>Herr Sundermann, B\u00fcrger der Hafengemeinde D\u00fan Laoghaire und Sekundarschulkollege an der St. Kilian\u00b4s Deutschen Schule in Dublin, griff diese Initiative des Umweltamtes auf und durch seine Initiative sowie die \u00e4u\u00dferst engagierte Mitarbeit von Frau Kavanagh und den Grundschullehrerinnen Frau Kempe und Frau Dobey begann auf dem Eurocampus, in den auch die Franz\u00f6sische Schule integriert ist, ein <i>Gr\u00fcner Campus<\/i> zu entstehen. Tatkr\u00e4ftig unterst\u00fctzt wurde das Projekt von Felix Albrecht, der als Freiwilliger ein Jahr an der DS Dublin verbrachte. \u00a0Und weil St. Kilian\u00b4s Deutsche Schule im internationalen Schmelztiegel Dublin angesiedelt ist, arbeiteten schon bald Jugendliche aus vielen L\u00e4ndern und Kulturen in ihrer Freizeit enthusiastisch miteinander und wetteiferten, ihre Ideen f\u00fcr eine lebenswerte Zukunft zu realisieren: Mittlerweile konnten die ersten beiden Flaggen in einer feierlichen Zeremonie mit gro\u00dfem Stolz entgegengenommen werden: 2012 freuten sich die Sch\u00fcler \u00fcber die erste <i>Gr\u00fcne Flagge<\/i> f\u00fcr gro\u00dfe Erfolge im Bereich M\u00fclltrennung\u00a0 und 2013 \u00fcber \u00a0die zweite <i>Gr\u00fcne Flagge<\/i> f\u00fcr vorbildliche Erfolge im Bereich Energiesparen.<\/p>\n<p>&nbsp;<\/p>\n<p><b>2. Integration des Projekts in die Schulentwicklung \u2013 Ziele der <i>Gr\u00fcnen Schule<\/i><\/b><\/p>\n<p>Die Gr\u00fcne Schule wurde als wichtiges Ziel in die Schulentwicklung aufgenommen: So wurde eine <i>Policy,<\/i> d. h. eine Verfassung der <i>Gr\u00fcnen Schule<\/i>, ausgearbeitet, die ebenso wie der Verhaltenscodex an der Schule oder die Anti-Mobbing-Agenda einen verbindlichen Orientierungsrahmen f\u00fcr die Schulgemeinde darstellt. Konkrete \u00a0<i>Action Plans <\/i>erg\u00e4nzen die Policy. Folgende umfassenden Grunds\u00e4tze und Ziele leiten die Bewegung zum Schutz der Umwelt: An der St. Kilian\u00b4s Deutschen Schule sollen alle Mitglieder der Schulfamilie ein <b>Bewusstsein<\/b> f\u00fcr nachhaltiges Handeln zum Schutz der Umwelt entwickeln. Dieses Handeln beginnt zun\u00e4chst in der \u00fcberschaubaren Schulwelt und greift dann \u00fcber diese hinaus. Wichtig ist auch, dass die Sch\u00fcler an Entscheidungen im Schulbereich <b>mitwirken <\/b>und <b>Verantwortung f\u00fcr ihre Umgebung<\/b> <b>\u00fcbernehmen. Sie diskutieren und finden plausible Argumente<\/b>, mit denen sie \u00a0andere \u00fcberzeugen k\u00f6nnen, sie leiten Versammlungen und sorgen daf\u00fcr, dass Aufgaben ausgef\u00fchrt und Zeitpl\u00e4ne eingehalten werden. Durch ihre Mitwirkung in der <i>Gr\u00fcnen Schule<\/i> lernen die Sch\u00fcler auch sich und ihre Arbeit zu organisieren, sie gewinnen <b>Selbstvertrauen<\/b> und erfahren, dass sie etwas Sinnvolles bewirken k\u00f6nnen. Und schlie\u00dflich erf\u00e4hrt sich der Eurocampus als <b>Einheit<\/b>, Sch\u00fcler aus unterschiedlichen Schulen und Stufen, die Schulleitung, Lehrer, das Verwaltungs- sowie Reinigungspersonal arbeiten gemeinsam an einem wichtigen Ziel.<\/p>\n<p>&nbsp;<\/p>\n<p><b>3. Die Arbeitsweise und das Komitee als \u00a0das Herz der <i>Gr\u00fcnen Schule<\/i><\/b><\/p>\n<p>Seit 2011 arbeiten mit \u00a0Herrn Sundermann und \u00a0Frau Kavanagh Sch\u00fcler in der Sekundarschule auf freiwilliger Basis in den Pausen und in ihrer Freizeit in einem <i>Management-Komitee<\/i> regelm\u00e4\u00dfig zusammen. Inzwischen werden sie von weiteren Kollegen unterst\u00fctzt. Das Komitee ist weitgehend sch\u00fclergeleitet und f\u00fcr die Sch\u00fcler aller Jahrg\u00e4nge offen. Hier wird\u00a0 \u00fcberlegt, welche Ma\u00dfnahmen in welcher Reihenfolge ergriffen werden sollen: Ein Logo wurde entwickelt, Experten aus \u00d6ko-Organisationen werden eingeladen, die Teilnahme an \u00d6ko-Konferenzen au\u00dferhalb der Schule und Workshops werden geplant, Frageb\u00f6gen entworfen, Wettbewerbe sowie die j\u00e4hrlich stattfindende <i>Gr\u00fcne Woche<\/i> werden organisiert und \u00a0Informationsstrategien f\u00fcr die Schulfamilie entworfen. Die Sch\u00fcler weiten ihr Engagement auch auf au\u00dferschulische Bereiche aus und bauen Br\u00fccken zu \u00a0ihrem Stadtteil, zum Beispiel nehmen sie an der irischen <i>National Spring Clean- Aktion<\/i> teil und reinigen Pl\u00e4tze, die besonders verschmutzt sind. Auch G\u00e4ste werden eingeladen und sensibilisieren die Sch\u00fcler der Grundschule zum Beispiel auf Musikveranstaltungen mit Liedern zum Thema Umwelt. Oder ein K\u00fcnstler zeigt, wie aus alten Blechdosen Fische gebastelt werden k\u00f6nnen. Im Jahrbuch oder auf der Schul-Homepage werden Eltern und die interessierte \u00d6ffentlichkeit zweisprachig informiert. Auch an der Grundschule bildete sich ein Freiwilligenkomitee, das genauso eifrig wie die Sch\u00fcler in der Sekundarschule am gemeinsamen Schul-Projekt mitarbeitet.<\/p>\n<p>In Irland gibt es an den meisten Sekundarschulen ein sogenanntes <i>Transition Year:<\/i> In der 10. Jahrgangsstufe wird weitgehend auf Noten verzichtet, die Sch\u00fcler arbeiten in Modulen projektorientiert und haben die M\u00f6glichkeit herauszufinden, wo ihre St\u00e4rken liegen. Die Sch\u00fcler dieser Jahrgangsstufe werden aufgefordert, besonders intensiv mitzuarbeiten.<\/p>\n<p>&nbsp;<\/p>\n<p><b>4. Welchen Verlauf nahm das gr\u00fcne Projekt? <\/b><\/p>\n<p>Zun\u00e4chst wurde eine <b>Bestandsaufnahme<\/b> in der Schule vorgenommen, dann wurden <b>Ma\u00dfnahmen diskutiert und Entscheidungen getroffen:<\/b> Der Inhalt von \u00a0M\u00fclleimern wurde zun\u00e4chst gewogen und analysiert und eine M\u00fclltrennung beschlossen: als Folge des Projekts <i>Gr\u00fcne Schule<\/i> gibt es eine blaue Tonne f\u00fcr Papier sowie eine Komposttonne. Plastikm\u00fcll und Batterien werden separat gesammelt. Die unterschiedlichen Tonnen wurden gekennzeichnet, damit sie nicht verwechselt werden k\u00f6nnen und alle Mitglieder der Schulfamilie wurden \u00a0informiert. Dadurch entstand \u00a0ein neues Bewusstsein und die Sch\u00fcler wachten selbst \u00fcber die Einhaltung der von ihnen aufgestellten Regeln. &#8211; Und die gemeinsamen Anstrengungen wurden belohnt: Im Jahr 2012\u00a0 wehte am Eingang des Eurocampus die erste <i>Gr\u00fcne Flagge<\/i>. Schlie\u00dflich wurde der Bereich <b>Energiesparen<\/b> in Angriff genommen: Als Resultat der Arbeit der <i>Gr\u00fcnen Schule<\/i> wurden zum Beispiel in den Klassen Thermometer aufgeh\u00e4ngt und Thermostate an die Heizungsk\u00f6rper montiert. Das Komitee veranstaltete auch \u00a0eine Schulparty, bei der auf jegliche Energie von au\u00dfen verzichtet wurde: In einer Oase der Stille erleuchteten Kerzen den Raum und Sch\u00fcler produzierten selbst\u00e4ndig Musik &#8211; ohne Verst\u00e4rker. Und Grundsch\u00fcler recycelten: Sie bastelten aus Dosen Schmuck. So konnte im Jahr 2013 die begehrte zweite <i>Gr\u00fcne Flagge<\/i> verliehen werden.<\/p>\n<p>Das n\u00e4chste Etappenziel bildet die <i>Gr\u00fcne Flagge<\/i> im Bereich <b>Wasser<\/b>. Im Moment besch\u00e4ftigen sich die Sch\u00fcler mit Wassersparma\u00dfnahmen und mit der Problematik der \u00dcberfischung \u2013 besonders vor Irlands K\u00fcsten: Auf dem traditionellen Weihnachtsbasar informierten engagierte Sch\u00fcler Mitglieder der Schulgemeinde sowie Besucher und forderten sie zum Handeln auf.<\/p>\n<p>&nbsp;<\/p>\n<p><b>5. Evaluation und Ausblick in die Zukunft<\/b><\/p>\n<p>Inzwischen ist der Eurocampus deutlich gr\u00fcner geworden, eine Sensibilisierung ist f\u00fcr die Mitglieder der Schulgemeinschaft klar zu erkennen, die Aktivit\u00e4ten des Komitees pr\u00e4gen nicht nur die Herzen und den Verstand, sondern auch optisch den Lebensraum <i>Schule<\/i>, wenn zum Beispiel Lehrer im Kopierraum aufgefordert werden, Arbeitsbl\u00e4tter auf zwei Seiten zu bedrucken oder im Klassenzimmer von Frau Kavanagh \u00a0eine riesige gespendete Regentonne auf ihren Einsatz wartet. &#8211; Eine wichtige Aufgabe stellt nun neben der Einf\u00fchrung neuer Ma\u00dfnahmen die <b>Sicherung des Erreichten, d. h. die Nachhaltigkeit<\/b> dar. Funktioniert zum Beispiel die M\u00fclltrennung noch gut? Ist die Nachhaltigkeit auch wirklich gesichert? Und wie kann die immense Arbeitsbelastung durch das Projekt bew\u00e4ltigt werden, wie k\u00f6nnen weitere \u00a0Mitarbeiter gewonnen werden, die sich die Arbeit teilen und den Enthusiasmus der Sch\u00fcler aufgreifen und helfen, eine Br\u00fccke zu einer gesch\u00fctzten Umwelt und damit zu einer lebenswerten Zukunft zu bauen.<\/p>\n<p style=\"text-align: left;\" align=\"right\">Gabriele Adelberger<\/p>\n<p style=\"text-align: left;\" align=\"right\"><a href=\"http:\/\/kilians.wpengine.com\/wp-content\/uploads\/2014\/02\/students1.jpg\"><img loading=\"lazy\" decoding=\"async\" class=\"alignleft size-full wp-image-9542\" src=\"http:\/\/kilians.wpengine.com\/wp-content\/uploads\/2014\/02\/students1.jpg\" alt=\"Green School Committee - Students 2013\/14\" width=\"600\" height=\"263\" srcset=\"https:\/\/www.kilians.com\/wp-content\/uploads\/2014\/02\/students1.jpg 914w, https:\/\/www.kilians.com\/wp-content\/uploads\/2014\/02\/students1-768x337.jpg 768w\" sizes=\"auto, (max-width: 600px) 100vw, 600px\" \/><\/a><\/p>\n<p style=\"text-align: left;\" align=\"right\">The Green school Committee (2013\/2014).<\/p>\n<p style=\"text-align: left;\" align=\"right\">Khaled Al- Sayegh (8C), Lucy Revington, Juliette Douet, Sophie Linanne (8A), Joanne Harnett (8C), Cloddagh Scott ( 9C), Jordan Brown (8A), Ciara Connolly (8A), Sash Kelly (8A), Lia Schaffer (8C), Sasha Kelly (8C), Katie Clissmann ( from right to left). In absentia: Tom Simms (7C), Daniel Lynch (7B), Sebastian Bals (8C)Islam Ismail (8A)<\/p>\n<p><a href=\"http:\/\/kilians.wpengine.com\/wp-content\/uploads\/2014\/02\/commitee.jpg\"><img loading=\"lazy\" decoding=\"async\" class=\"size-full wp-image-9496 alignnone\" src=\"http:\/\/kilians.wpengine.com\/wp-content\/uploads\/2014\/02\/commitee.jpg\" alt=\"Lehrerkomitee der Gr\u00fcnen Schule\" width=\"600\" height=\"414\" \/><\/a><\/p>\n<p style=\"text-align: left;\" align=\"center\">Lehrerkomitee der Gr\u00fcnen Schule St. Kilian&#8217;s &#8211; von links: Lisa Dobey, Sarah Kavanagh, Nicola Rees, Helmut Sundermann, Esther Luttig<\/p>\n<p>&nbsp;<\/p>\n","protected":false},"excerpt":{"rendered":"<p>Projekt Gr\u00fcne Schule auf dem Eurocampus in Dublin &nbsp; I. Entstehung des Projekts und erste Erfolge Die Initiative ging im Jahr 2010 von der Kommune&#8230; <a class=\"find-out-more-link\" href=\"https:\/\/www.kilians.com\/de\/projekt-gruene-schule\/uber-uns\/\">Weiterlesen<\/a> <\/p>\n","protected":false},"author":1,"featured_media":0,"parent":9409,"menu_order":6,"comment_status":"closed","ping_status":"closed","template":"","meta":{"footnotes":""},"class_list":{"0":"post-9430","1":"page","2":"type-page","3":"status-publish","5":"entry","6":"has-post-thumbnail"},"yoast_head":"<!-- This site is optimized with the Yoast SEO plugin v17.2.1 - https:\/\/yoast.com\/wordpress\/plugins\/seo\/ -->\n<meta name=\"robots\" content=\"index, follow, max-snippet:-1, max-image-preview:large, max-video-preview:-1\" \/>\n<link rel=\"canonical\" href=\"https:\/\/www.kilians.com\/de\/projekt-gruene-schule\/uber-uns\/\" \/>\n<meta property=\"og:locale\" content=\"de_DE\" \/>\n<meta property=\"og:type\" content=\"article\" \/>\n<meta property=\"og:title\" content=\"\u00dcber uns - St. Kilian&#039;s German School, Dublin\" \/>\n<meta property=\"og:description\" content=\"Projekt Gr\u00fcne Schule auf dem Eurocampus in Dublin &nbsp; I. Entstehung des Projekts und erste Erfolge Die Initiative ging im Jahr 2010 von der Kommune... Weiterlesen\" \/>\n<meta property=\"og:url\" content=\"https:\/\/www.kilians.com\/de\/projekt-gruene-schule\/uber-uns\/\" \/>\n<meta property=\"og:site_name\" content=\"St. Kilian&#039;s German School, Dublin\" \/>\n<meta property=\"article:modified_time\" content=\"2016-02-04T10:24:30+00:00\" \/>\n<meta property=\"og:image\" content=\"http:\/\/kilians.wpengine.com\/wp-content\/uploads\/2012\/01\/Kils-Logo.jpg\" \/>\n<meta name=\"twitter:card\" content=\"summary\" \/>\n<meta name=\"twitter:label1\" content=\"Gesch\u00e4tzte Lesezeit\" \/>\n\t<meta name=\"twitter:data1\" content=\"7 minutes\" \/>\n<script type=\"application\/ld+json\" class=\"yoast-schema-graph\">{\"@context\":\"https:\/\/schema.org\",\"@graph\":[{\"@type\":\"Organization\",\"@id\":\"https:\/\/www.kilians.com\/#organization\",\"name\":\"St. Kilian's\",\"url\":\"https:\/\/www.kilians.com\/\",\"sameAs\":[],\"logo\":{\"@type\":\"ImageObject\",\"@id\":\"https:\/\/www.kilians.com\/#logo\",\"inLanguage\":\"de-DE\",\"url\":\"https:\/\/www.kilians.com\/wp-content\/uploads\/2017\/02\/StKilians_MasterLogo_Colour-1.png\",\"contentUrl\":\"https:\/\/www.kilians.com\/wp-content\/uploads\/2017\/02\/StKilians_MasterLogo_Colour-1.png\",\"width\":768,\"height\":1240,\"caption\":\"St. Kilian's\"},\"image\":{\"@id\":\"https:\/\/www.kilians.com\/#logo\"}},{\"@type\":\"WebSite\",\"@id\":\"https:\/\/www.kilians.com\/#website\",\"url\":\"https:\/\/www.kilians.com\/\",\"name\":\"St. Kilian&#039;s German School, Dublin\",\"description\":\"\",\"publisher\":{\"@id\":\"https:\/\/www.kilians.com\/#organization\"},\"potentialAction\":[{\"@type\":\"SearchAction\",\"target\":{\"@type\":\"EntryPoint\",\"urlTemplate\":\"https:\/\/www.kilians.com\/?s={search_term_string}\"},\"query-input\":\"required name=search_term_string\"}],\"inLanguage\":\"de-DE\"},{\"@type\":\"ImageObject\",\"@id\":\"https:\/\/www.kilians.com\/de\/projekt-gruene-schule\/uber-uns\/#primaryimage\",\"inLanguage\":\"de-DE\",\"url\":\"http:\/\/kilians.wpengine.com\/wp-content\/uploads\/2012\/01\/Kils-Logo.jpg\",\"contentUrl\":\"http:\/\/kilians.wpengine.com\/wp-content\/uploads\/2012\/01\/Kils-Logo.jpg\"},{\"@type\":\"WebPage\",\"@id\":\"https:\/\/www.kilians.com\/de\/projekt-gruene-schule\/uber-uns\/#webpage\",\"url\":\"https:\/\/www.kilians.com\/de\/projekt-gruene-schule\/uber-uns\/\",\"name\":\"\\u00dcber uns - St. Kilian&#039;s German School, Dublin\",\"isPartOf\":{\"@id\":\"https:\/\/www.kilians.com\/#website\"},\"primaryImageOfPage\":{\"@id\":\"https:\/\/www.kilians.com\/de\/projekt-gruene-schule\/uber-uns\/#primaryimage\"},\"datePublished\":\"2014-02-07T09:59:22+00:00\",\"dateModified\":\"2016-02-04T10:24:30+00:00\",\"breadcrumb\":{\"@id\":\"https:\/\/www.kilians.com\/de\/projekt-gruene-schule\/uber-uns\/#breadcrumb\"},\"inLanguage\":\"de-DE\",\"potentialAction\":[{\"@type\":\"ReadAction\",\"target\":[\"https:\/\/www.kilians.com\/de\/projekt-gruene-schule\/uber-uns\/\"]}]},{\"@type\":\"BreadcrumbList\",\"@id\":\"https:\/\/www.kilians.com\/de\/projekt-gruene-schule\/uber-uns\/#breadcrumb\",\"itemListElement\":[{\"@type\":\"ListItem\",\"position\":1,\"name\":\"Home\",\"item\":\"https:\/\/www.kilians.com\/de\/\"},{\"@type\":\"ListItem\",\"position\":2,\"name\":\"Projekt Gr\\u00fcne Schule\",\"item\":\"https:\/\/www.kilians.com\/de\/projekt-gruene-schule\/\"},{\"@type\":\"ListItem\",\"position\":3,\"name\":\"\\u00dcber uns\"}]}]}<\/script>\n<!-- \/ Yoast SEO plugin. -->","yoast_head_json":{"robots":{"index":"index","follow":"follow","max-snippet":"max-snippet:-1","max-image-preview":"max-image-preview:large","max-video-preview":"max-video-preview:-1"},"canonical":"https:\/\/www.kilians.com\/de\/projekt-gruene-schule\/uber-uns\/","og_locale":"de_DE","og_type":"article","og_title":"\u00dcber uns - St. Kilian&#039;s German School, Dublin","og_description":"Projekt Gr\u00fcne Schule auf dem Eurocampus in Dublin &nbsp; I. Entstehung des Projekts und erste Erfolge Die Initiative ging im Jahr 2010 von der Kommune... Weiterlesen","og_url":"https:\/\/www.kilians.com\/de\/projekt-gruene-schule\/uber-uns\/","og_site_name":"St. Kilian&#039;s German School, Dublin","article_modified_time":"2016-02-04T10:24:30+00:00","og_image":[{"url":"http:\/\/kilians.wpengine.com\/wp-content\/uploads\/2012\/01\/Kils-Logo.jpg"}],"twitter_card":"summary","twitter_misc":{"Gesch\u00e4tzte Lesezeit":"7 minutes"},"schema":{"@context":"https:\/\/schema.org","@graph":[{"@type":"Organization","@id":"https:\/\/www.kilians.com\/#organization","name":"St. Kilian's","url":"https:\/\/www.kilians.com\/","sameAs":[],"logo":{"@type":"ImageObject","@id":"https:\/\/www.kilians.com\/#logo","inLanguage":"de-DE","url":"https:\/\/www.kilians.com\/wp-content\/uploads\/2017\/02\/StKilians_MasterLogo_Colour-1.png","contentUrl":"https:\/\/www.kilians.com\/wp-content\/uploads\/2017\/02\/StKilians_MasterLogo_Colour-1.png","width":768,"height":1240,"caption":"St. Kilian's"},"image":{"@id":"https:\/\/www.kilians.com\/#logo"}},{"@type":"WebSite","@id":"https:\/\/www.kilians.com\/#website","url":"https:\/\/www.kilians.com\/","name":"St. Kilian&#039;s German School, Dublin","description":"","publisher":{"@id":"https:\/\/www.kilians.com\/#organization"},"potentialAction":[{"@type":"SearchAction","target":{"@type":"EntryPoint","urlTemplate":"https:\/\/www.kilians.com\/?s={search_term_string}"},"query-input":"required name=search_term_string"}],"inLanguage":"de-DE"},{"@type":"ImageObject","@id":"https:\/\/www.kilians.com\/de\/projekt-gruene-schule\/uber-uns\/#primaryimage","inLanguage":"de-DE","url":"http:\/\/kilians.wpengine.com\/wp-content\/uploads\/2012\/01\/Kils-Logo.jpg","contentUrl":"http:\/\/kilians.wpengine.com\/wp-content\/uploads\/2012\/01\/Kils-Logo.jpg"},{"@type":"WebPage","@id":"https:\/\/www.kilians.com\/de\/projekt-gruene-schule\/uber-uns\/#webpage","url":"https:\/\/www.kilians.com\/de\/projekt-gruene-schule\/uber-uns\/","name":"\u00dcber uns - St. Kilian&#039;s German School, Dublin","isPartOf":{"@id":"https:\/\/www.kilians.com\/#website"},"primaryImageOfPage":{"@id":"https:\/\/www.kilians.com\/de\/projekt-gruene-schule\/uber-uns\/#primaryimage"},"datePublished":"2014-02-07T09:59:22+00:00","dateModified":"2016-02-04T10:24:30+00:00","breadcrumb":{"@id":"https:\/\/www.kilians.com\/de\/projekt-gruene-schule\/uber-uns\/#breadcrumb"},"inLanguage":"de-DE","potentialAction":[{"@type":"ReadAction","target":["https:\/\/www.kilians.com\/de\/projekt-gruene-schule\/uber-uns\/"]}]},{"@type":"BreadcrumbList","@id":"https:\/\/www.kilians.com\/de\/projekt-gruene-schule\/uber-uns\/#breadcrumb","itemListElement":[{"@type":"ListItem","position":1,"name":"Home","item":"https:\/\/www.kilians.com\/de\/"},{"@type":"ListItem","position":2,"name":"Projekt Gr\u00fcne Schule","item":"https:\/\/www.kilians.com\/de\/projekt-gruene-schule\/"},{"@type":"ListItem","position":3,"name":"\u00dcber uns"}]}]}},"_links":{"self":[{"href":"https:\/\/www.kilians.com\/de\/wp-json\/wp\/v2\/pages\/9430\/"}],"collection":[{"href":"https:\/\/www.kilians.com\/de\/wp-json\/wp\/v2\/pages\/"}],"about":[{"href":"https:\/\/www.kilians.com\/de\/wp-json\/wp\/v2\/types\/page\/"}],"author":[{"embeddable":true,"href":"https:\/\/www.kilians.com\/de\/wp-json\/wp\/v2\/users\/1\/"}],"replies":[{"embeddable":true,"href":"https:\/\/www.kilians.com\/de\/wp-json\/wp\/v2\/comments\/?post=9430"}],"version-history":[{"count":0,"href":"https:\/\/www.kilians.com\/de\/wp-json\/wp\/v2\/pages\/9430\/revisions\/"}],"up":[{"embeddable":true,"href":"https:\/\/www.kilians.com\/de\/wp-json\/wp\/v2\/pages\/9409\/"}],"wp:attachment":[{"href":"https:\/\/www.kilians.com\/de\/wp-json\/wp\/v2\/media\/?parent=9430"}],"curies":[{"name":"wp","href":"https:\/\/api.w.org\/{rel}","templated":true}]}}